{"id":444,"date":"2026-04-29T19:46:56","date_gmt":"2026-04-29T17:46:56","guid":{"rendered":"https:\/\/altira.nu\/?page_id=444"},"modified":"2026-04-29T20:28:10","modified_gmt":"2026-04-29T18:28:10","slug":"kontakta-oss","status":"publish","type":"page","link":"https:\/\/altira.nu\/?page_id=444","title":{"rendered":"Kontakta oss"},"content":{"rendered":"\n<p>Kontakta oss f\u00f6r allm\u00e4nna fr\u00e5gor genom att skicka ett e-post till&nbsp;<a href=\"mailto:info@altira.nu\">info@altira.nu<\/a>.<\/p>\n\n\n\n<p>Ha g\u00e4rna i \u00e5tanke att vi arbetar ideellt och d\u00e4rf\u00f6r kanske inte alltid har m\u00f6jlighet att besvara fr\u00e5gor omg\u00e5ende. Vi ber om \u00f6verseende med detta.<\/p>\n\n\n\n<h2 class=\"wp-block-heading\">Kommitt\u00e9er<\/h2>\n\n\n\n<p>Fr\u00e5gor kring kurser, t\u00e4vling, sociala arrangemang,&nbsp;hemsidan&nbsp;och dylikt st\u00e4lls l\u00e4mpligen till ansvarig person i n\u00e5gon av Altiras kommitt\u00e9er eller arbetsgrupper. <\/p>\n\n\n\n<p>F\u00f6r att skicka e-post till respektive kommitt\u00e9\/arbetsgrupp, klicka p\u00e5 den bl\u00e5markerade l\u00e4nken f\u00f6r respektive kommitt\u00e9.<\/p>\n\n\n\n<figure class=\"wp-block-table\"><table class=\"has-fixed-layout\"><tbody><tr><td class=\"has-text-align-left\" data-align=\"left\"><strong>Kommitt\u00e9<\/strong>\/<strong>arbetsgrupp<\/strong><\/td><td class=\"has-text-align-left\" data-align=\"left\"><strong>Ansvarig<\/strong><\/td><\/tr><tr><td class=\"has-text-align-left\" data-align=\"left\"><strong><a href=\"mailto:kurs@altira.nu\">Kurser<\/a><\/strong><\/td><td class=\"has-text-align-left\" data-align=\"left\">Roger Sundin<\/td><\/tr><tr><td class=\"has-text-align-left\" data-align=\"left\"><strong><a href=\"mailto:lokal@altira.nu\">Lokal<\/a><\/strong><\/td><td class=\"has-text-align-left\" data-align=\"left\">Mikael Tornberg<\/td><\/tr><tr><td class=\"has-text-align-left\" data-align=\"left\"><strong>Dans.se<\/strong><\/td><td class=\"has-text-align-left\" data-align=\"left\">Sara Westin<\/td><\/tr><tr><td class=\"has-text-align-left\" data-align=\"left\"><strong>Socialdans<\/strong><\/td><td class=\"has-text-align-left\" data-align=\"left\">Per Erskj\u00e4ns<\/td><\/tr><tr><td class=\"has-text-align-left\" data-align=\"left\"><strong>Ungdom<\/strong><\/td><td class=\"has-text-align-left\" data-align=\"left\">Mats Bengtsson<\/td><\/tr><tr><td class=\"has-text-align-left\" data-align=\"left\"><strong><a href=\"mailto:tavling@altira.nu\">T\u00e4vlingar<\/a><\/strong><\/td><td class=\"has-text-align-left\" data-align=\"left\">Hel\u00e9n Brunnstr\u00f6m<\/td><\/tr><tr><td class=\"has-text-align-left\" data-align=\"left\"><strong><a href=\"mailto:utveckling@altira.nu\">Utveckling<\/a><\/strong><\/td><td class=\"has-text-align-left\" data-align=\"left\">Kicki Sundin<\/td><\/tr><tr><td class=\"has-text-align-left\" data-align=\"left\"><strong><a href=\"mailto:webmaster@altira.nu\">Webmaster<\/a><\/strong><\/td><td class=\"has-text-align-left\" data-align=\"left\">Anders Holms<\/td><\/tr><\/tbody><\/table><\/figure>\n\n\n\n<h2 class=\"wp-block-heading\">Styrelsen<\/h2>\n\n\n\n<p>Fr\u00e5gor till&nbsp;hela styrelsen skickar du via e-post till&nbsp;<a href=\"mailto:styrelsen@altira.nu\">styrelsen@altira.nu<\/a>, alternativt \u00e5terfinner du de enskilda styrelsemedlemmarnas e-post&nbsp;i tabellen nedan.<\/p>\n\n\n\n<figure class=\"wp-block-table\"><table class=\"has-fixed-layout\"><tbody><tr><td class=\"has-text-align-left\" data-align=\"left\"><strong><a href=\"mailto:ordforande@altira.nu\">Ordf\u00f6rande<\/a><\/strong><\/td><td class=\"has-text-align-left\" data-align=\"left\">Madelene Andersson<\/td><\/tr><tr><td class=\"has-text-align-left\" data-align=\"left\">Vice Ordf\u00f6rande<\/td><td class=\"has-text-align-left\" data-align=\"left\">Per Erskj\u00e4ns<\/td><\/tr><tr><td class=\"has-text-align-left\" data-align=\"left\"><strong><a href=\"mailto:sekreterare@altira.nu\">Sekreterare<\/a><\/strong><\/td><td class=\"has-text-align-left\" data-align=\"left\">Sofia Sj\u00f6lund<\/td><\/tr><tr><td class=\"has-text-align-left\" data-align=\"left\"><strong><a href=\"mailto:kassor@altira.nu\">Kass\u00f6r<\/a><\/strong><\/td><td class=\"has-text-align-left\" data-align=\"left\">Sara Westin<\/td><\/tr><tr><td class=\"has-text-align-left\" data-align=\"left\"><strong>Ledamot<\/strong><\/td><td class=\"has-text-align-left\" data-align=\"left\">Anna Wedin<\/td><\/tr><tr><td class=\"has-text-align-left\" data-align=\"left\"><strong>Ledamot<\/strong><\/td><td class=\"has-text-align-left\" data-align=\"left\">Sara Bystr\u00f6m<\/td><\/tr><tr><td class=\"has-text-align-left\" data-align=\"left\"><strong>Ledamot<\/strong><\/td><td class=\"has-text-align-left\" data-align=\"left\">Mats Bengtsson<\/td><\/tr><tr><td class=\"has-text-align-left\" data-align=\"left\"><strong>Suppleant<\/strong><\/td><td class=\"has-text-align-left\" data-align=\"left\">Elin Forsberg<\/td><\/tr><tr><td class=\"has-text-align-left\" data-align=\"left\"><strong>Suppleant<\/strong><\/td><td class=\"has-text-align-left\" data-align=\"left\">Regina Johansson<\/td><\/tr><\/tbody><\/table><\/figure>\n\n\n\n<h2 class=\"wp-block-heading\"><strong>Valberedningen &amp; Revisorer<\/strong><\/h2>\n\n\n\n<p>Kontakta &nbsp;<a href=\"mailto:valberedning@altira.nu\">valberedning@altira.nu<\/a> som best\u00e5r av Annika&nbsp;Bl\u00fcckert, Maria Helgsten och Jan-\u00c5ke Olsson. <\/p>\n\n\n\n<p>Revisorer f\u00f6r Altira \u00e4r Roger Sundin och Sofia Olsson. De kontaktar du via&nbsp;<a href=\"mailto:revisorer@altira.nu\">revisorer@altira.nu<\/a><\/p>\n","protected":false},"excerpt":{"rendered":"<p>Kontakta oss f\u00f6r allm\u00e4nna fr\u00e5gor genom att skicka ett e-post till&nbsp;info@altira.nu. Ha g\u00e4rna i \u00e5tanke att vi arbetar ideellt och d\u00e4rf\u00f6r kanske inte alltid har m\u00f6jlighet att besvara fr\u00e5gor omg\u00e5ende. Vi ber om \u00f6verseende med detta. Kommitt\u00e9er Fr\u00e5gor kring kurser, t\u00e4vling, sociala arrangemang,&nbsp;hemsidan&nbsp;och dylikt st\u00e4lls l\u00e4mpligen till ansvarig person i n\u00e5gon av Altiras kommitt\u00e9er eller &hellip; <a href=\"https:\/\/altira.nu\/?page_id=444\" class=\"more-link\">Forts\u00e4tt l\u00e4sa<span class=\"screen-reader-text\"> \u201dKontakta oss\u201d<\/span><\/a><\/p>\n","protected":false},"author":1,"featured_media":0,"parent":0,"menu_order":0,"comment_status":"closed","ping_status":"closed","template":"","meta":{"footnotes":""},"class_list":["post-444","page","type-page","status-publish","hentry"],"yoast_head":"<!-- This site is optimized with the Yoast SEO plugin v22.8 - https:\/\/yoast.com\/wordpress\/plugins\/seo\/ -->\n<title>Kontakta oss - Dansklubben Altira<\/title>\n<meta name=\"robots\" content=\"index, follow, max-snippet:-1, max-image-preview:large, max-video-preview:-1\" \/>\n<link rel=\"canonical\" href=\"https:\/\/altira.nu\/?page_id=444\" \/>\n<meta property=\"og:locale\" content=\"sv_SE\" \/>\n<meta property=\"og:type\" content=\"article\" \/>\n<meta property=\"og:title\" content=\"Kontakta oss - Dansklubben Altira\" \/>\n<meta property=\"og:description\" content=\"Kontakta oss f\u00f6r allm\u00e4nna fr\u00e5gor genom att skicka ett e-post till&nbsp;info@altira.nu. Ha g\u00e4rna i \u00e5tanke att vi arbetar ideellt och d\u00e4rf\u00f6r kanske inte alltid har m\u00f6jlighet att besvara fr\u00e5gor omg\u00e5ende. Vi ber om \u00f6verseende med detta. Kommitt\u00e9er Fr\u00e5gor kring kurser, t\u00e4vling, sociala arrangemang,&nbsp;hemsidan&nbsp;och dylikt st\u00e4lls l\u00e4mpligen till ansvarig person i n\u00e5gon av Altiras kommitt\u00e9er eller &hellip; Forts\u00e4tt l\u00e4sa \u201dKontakta oss\u201d\" \/>\n<meta property=\"og:url\" content=\"https:\/\/altira.nu\/?page_id=444\" \/>\n<meta property=\"og:site_name\" content=\"Dansklubben Altira\" \/>\n<meta property=\"article:modified_time\" content=\"2026-04-29T18:28:10+00:00\" \/>\n<meta name=\"twitter:card\" content=\"summary_large_image\" \/>\n<meta name=\"twitter:label1\" content=\"Ber\u00e4knad l\u00e4stid\" \/>\n\t<meta name=\"twitter:data1\" content=\"1 minut\" \/>\n<script type=\"application\/ld+json\" class=\"yoast-schema-graph\">{\"@context\":\"https:\/\/schema.org\",\"@graph\":[{\"@type\":\"WebPage\",\"@id\":\"https:\/\/altira.nu\/?page_id=444\",\"url\":\"https:\/\/altira.nu\/?page_id=444\",\"name\":\"Kontakta oss - Dansklubben Altira\",\"isPartOf\":{\"@id\":\"https:\/\/altira.nu\/#website\"},\"datePublished\":\"2026-04-29T17:46:56+00:00\",\"dateModified\":\"2026-04-29T18:28:10+00:00\",\"breadcrumb\":{\"@id\":\"https:\/\/altira.nu\/?page_id=444#breadcrumb\"},\"inLanguage\":\"sv-SE\",\"potentialAction\":[{\"@type\":\"ReadAction\",\"target\":[\"https:\/\/altira.nu\/?page_id=444\"]}]},{\"@type\":\"BreadcrumbList\",\"@id\":\"https:\/\/altira.nu\/?page_id=444#breadcrumb\",\"itemListElement\":[{\"@type\":\"ListItem\",\"position\":1,\"name\":\"Home\",\"item\":\"https:\/\/altira.nu\/\"},{\"@type\":\"ListItem\",\"position\":2,\"name\":\"Kontakta oss\"}]},{\"@type\":\"WebSite\",\"@id\":\"https:\/\/altira.nu\/#website\",\"url\":\"https:\/\/altira.nu\/\",\"name\":\"Dansklubben Altira\",\"description\":\"\",\"potentialAction\":[{\"@type\":\"SearchAction\",\"target\":{\"@type\":\"EntryPoint\",\"urlTemplate\":\"https:\/\/altira.nu\/?s={search_term_string}\"},\"query-input\":\"required name=search_term_string\"}],\"inLanguage\":\"sv-SE\"}]}<\/script>\n<!-- \/ Yoast SEO plugin. -->","yoast_head_json":{"title":"Kontakta oss - Dansklubben Altira","robots":{"index":"index","follow":"follow","max-snippet":"max-snippet:-1","max-image-preview":"max-image-preview:large","max-video-preview":"max-video-preview:-1"},"canonical":"https:\/\/altira.nu\/?page_id=444","og_locale":"sv_SE","og_type":"article","og_title":"Kontakta oss - Dansklubben Altira","og_description":"Kontakta oss f\u00f6r allm\u00e4nna fr\u00e5gor genom att skicka ett e-post till&nbsp;info@altira.nu. Ha g\u00e4rna i \u00e5tanke att vi arbetar ideellt och d\u00e4rf\u00f6r kanske inte alltid har m\u00f6jlighet att besvara fr\u00e5gor omg\u00e5ende. Vi ber om \u00f6verseende med detta. Kommitt\u00e9er Fr\u00e5gor kring kurser, t\u00e4vling, sociala arrangemang,&nbsp;hemsidan&nbsp;och dylikt st\u00e4lls l\u00e4mpligen till ansvarig person i n\u00e5gon av Altiras kommitt\u00e9er eller &hellip; Forts\u00e4tt l\u00e4sa \u201dKontakta oss\u201d","og_url":"https:\/\/altira.nu\/?page_id=444","og_site_name":"Dansklubben Altira","article_modified_time":"2026-04-29T18:28:10+00:00","twitter_card":"summary_large_image","twitter_misc":{"Ber\u00e4knad l\u00e4stid":"1 minut"},"schema":{"@context":"https:\/\/schema.org","@graph":[{"@type":"WebPage","@id":"https:\/\/altira.nu\/?page_id=444","url":"https:\/\/altira.nu\/?page_id=444","name":"Kontakta oss - Dansklubben Altira","isPartOf":{"@id":"https:\/\/altira.nu\/#website"},"datePublished":"2026-04-29T17:46:56+00:00","dateModified":"2026-04-29T18:28:10+00:00","breadcrumb":{"@id":"https:\/\/altira.nu\/?page_id=444#breadcrumb"},"inLanguage":"sv-SE","potentialAction":[{"@type":"ReadAction","target":["https:\/\/altira.nu\/?page_id=444"]}]},{"@type":"BreadcrumbList","@id":"https:\/\/altira.nu\/?page_id=444#breadcrumb","itemListElement":[{"@type":"ListItem","position":1,"name":"Home","item":"https:\/\/altira.nu\/"},{"@type":"ListItem","position":2,"name":"Kontakta oss"}]},{"@type":"WebSite","@id":"https:\/\/altira.nu\/#website","url":"https:\/\/altira.nu\/","name":"Dansklubben Altira","description":"","potentialAction":[{"@type":"SearchAction","target":{"@type":"EntryPoint","urlTemplate":"https:\/\/altira.nu\/?s={search_term_string}"},"query-input":"required name=search_term_string"}],"inLanguage":"sv-SE"}]}},"_links":{"self":[{"href":"https:\/\/altira.nu\/index.php?rest_route=\/wp\/v2\/pages\/444","targetHints":{"allow":["GET"]}}],"collection":[{"href":"https:\/\/altira.nu\/index.php?rest_route=\/wp\/v2\/pages"}],"about":[{"href":"https:\/\/altira.nu\/index.php?rest_route=\/wp\/v2\/types\/page"}],"author":[{"embeddable":true,"href":"https:\/\/altira.nu\/index.php?rest_route=\/wp\/v2\/users\/1"}],"replies":[{"embeddable":true,"href":"https:\/\/altira.nu\/index.php?rest_route=%2Fwp%2Fv2%2Fcomments&post=444"}],"version-history":[{"count":2,"href":"https:\/\/altira.nu\/index.php?rest_route=\/wp\/v2\/pages\/444\/revisions"}],"predecessor-version":[{"id":456,"href":"https:\/\/altira.nu\/index.php?rest_route=\/wp\/v2\/pages\/444\/revisions\/456"}],"wp:attachment":[{"href":"https:\/\/altira.nu\/index.php?rest_route=%2Fwp%2Fv2%2Fmedia&parent=444"}],"curies":[{"name":"wp","href":"https:\/\/api.w.org\/{rel}","templated":true}]}}