{"id":110,"date":"2023-03-10T11:18:25","date_gmt":"2023-03-10T10:18:25","guid":{"rendered":"https:\/\/altira.nu\/?page_id=110"},"modified":"2023-03-10T11:18:25","modified_gmt":"2023-03-10T10:18:25","slug":"personuppgifter-och-altira","status":"publish","type":"page","link":"https:\/\/altira.nu\/?page_id=110","title":{"rendered":"Personuppgifter och Altira"},"content":{"rendered":"\n<p><strong>Personuppgiftsansvarig<\/strong><br>Dansklubben Altira<br>Organisationsnummer: 889201-5465&nbsp;<br>Bergsgatan 126<br>853 50 Sundsvall<\/p>\n\n\n\n<p><strong>Vilka personuppgifter anv\u00e4nder vi?<\/strong><\/p>\n\n\n\n<p>Vi lagrar f\u00f6ljande personuppgifter i v\u00e5rt medlemsregister i https:\/\/dans.se\/<\/p>\n\n\n\n<ul class=\"wp-block-list\">\n<li>Namn<\/li>\n\n\n\n<li>Personnummer<\/li>\n\n\n\n<li>Adress<\/li>\n\n\n\n<li>Mobiltelefonnummer<\/li>\n\n\n\n<li>E-postadress.<\/li>\n<\/ul>\n\n\n\n<p><strong>Vad anv\u00e4nds personuppgifterna till?<\/strong><\/p>\n\n\n\n<p>F\u00f6r att f\u00f6reningen ska kunna bedriva sin verksamhet behandlas personuppgifter f\u00f6r olika \u00e4ndam\u00e5l kopplade till verksamheten.<\/p>\n\n\n\n<p>F\u00f6reningen behandlar personuppgifter f\u00f6r att administrera l\u00f6pande f\u00f6reningsaktiviteter (ex. tr\u00e4ningsverksamhet och medlemsm\u00f6ten), kommunicera med medlemmarna (kallelser till aktiviteter, information till m\u00e5lsm\u00e4n m.m.) samt hantera medlemsrelaterade ekonomiska transaktioner (medlemsavgifter och t\u00e4vlinsavgifter m.m.).<\/p>\n\n\n\n<p>F\u00f6reningen hanterar \u00e4ven personuppgifter i samband med ans\u00f6kan om t\u00e4vlingslicens till SF\/SDF. Ut\u00f6ver behandlingen av personuppgifter vid licensans\u00f6kningsprocessen behandlas personuppgifter vid varje t\u00e4vlingstillf\u00e4lle kopplat till licensens regelverk. Personuppgifterna behandlas vid anm\u00e4lan till t\u00e4vling, under p\u00e5g\u00e5ende t\u00e4vling och efter t\u00e4vlingstillf\u00e4llet vid resultatrapportering.<\/p>\n\n\n\n<p>F\u00f6reningen behandlar \u00e4ven personuppgifter f\u00f6r att ans\u00f6ka om bidrag fr\u00e5n bland annat Riksidrottsf\u00f6rbundet och f\u00f6reningens hemkommun.<\/p>\n\n\n\n<p>F\u00f6reningen \u00e4r personuppgiftsansvarig f\u00f6r behandlingen av de personuppgifter som sker vid:<\/p>\n\n\n\n<p>\u2022 Hantering av medlemskap i f\u00f6reningen<\/p>\n\n\n\n<p>\u2022 F\u00f6reningsadministration<\/p>\n\n\n\n<p>\u2022 Deltagande i f\u00f6reningens tr\u00e4ningsverksamhet<\/p>\n\n\n\n<p>\u2022 Deltagande i f\u00f6reningens t\u00e4vlingsverksamhet<\/p>\n\n\n\n<p>\u2022 Licenshantering \u2022 Ans\u00f6kan om bidrag<\/p>\n\n\n\n<p>\u2022 Sammanst\u00e4llning av statistik och uppf\u00f6ljning<\/p>\n\n\n\n<p>\u2022 Utbildningar arrangerade av f\u00f6reningen<\/p>\n\n\n\n<p>\u2022 Kontakt med medlem<\/p>\n\n\n\n<p>\u2022 Bes\u00f6k p\u00e5 v\u00e5r hemsida<\/p>\n\n\n\n<p>\u2022 Publicering av material p\u00e5 hemsida och sociala medier<\/p>\n\n\n\n<p>\u2022 Tilltr\u00e4desf\u00f6rbud (om till\u00e4mpligt)<\/p>\n\n\n\n<p>\u2022 Ordningsst\u00f6rningar och otill\u00e5ten p\u00e5verkan (om till\u00e4mpligt)<\/p>\n\n\n\n<p>N\u00e4r du anm\u00e4ler dig till kurser via&nbsp;<a href=\"http:\/\/altira.nu\/\" target=\"_blank\" rel=\"noreferrer noopener\">altira.nu<\/a>&nbsp;g\u00f6r du det genom att nyttja en funktion som finns p\u00e5&nbsp;<a href=\"http:\/\/dans.se\/\" target=\"_blank\" rel=\"noreferrer noopener\">dans.se<\/a>. Listan \u00f6ver kurser \u00e4r inl\u00e4nkad p\u00e5 sidan men finns p\u00e5 en annan webbplats \u00e4n&nbsp;<a href=\"http:\/\/altira.nu\/\" target=\"_blank\" rel=\"noreferrer noopener\">altira.nu<\/a>.<\/p>\n\n\n\n<p>Vi beh\u00f6ver h\u00e5lla medlemsregistret i idrottonline uppdaterat (synkas med registret i&nbsp;<a href=\"http:\/\/dans.se\/\" target=\"_blank\" rel=\"noreferrer noopener\">dans.se<\/a>&nbsp;en g\u00e5ng om \u00e5ret), i \u00f6vrigt anv\u00e4nder vi Idrottonline f\u00f6r projektans\u00f6kningar och \u00e5terrapporter (av genomf\u00f6rda projekt).<\/p>\n\n\n\n<p><strong>Du kan l\u00e4sa mer om hur dina personuppgifter hanteras via\u2026<\/strong><\/p>\n\n\n\n<p>Danssportf\u00f6rbundets hemsida<\/p>\n\n\n\n<p><a href=\"https:\/\/www.danssport.se\/om-oss\/it-gdpr\/\">https:\/\/www.danssport.se\/om-oss\/it-gdpr\/<\/a><\/p>\n\n\n\n<p><a href=\"https:\/\/www.danssport.se\/foerening\/foer-foerening\/idrottonline\/\">https:\/\/www.danssport.se\/foerening\/foer-foerening\/idrottonline\/<\/a><\/p>\n\n\n\n<p>Dans.se<\/p>\n\n\n\n<p><a href=\"https:\/\/cogwork.se\/handledning\/adressbok\/personuppgifter\/\">https:\/\/cogwork.se\/handledning\/adressbok\/personuppgifter\/<\/a><\/p>\n\n\n\n<p>Riksidrottsf\u00f6rbundet<\/p>\n\n\n\n<p><a href=\"https:\/\/www.rf.se\/bidragochstod\/Personuppgifter\/\">https:\/\/www.rf.se\/bidragochstod\/Personuppgifter\/<\/a><\/p>\n\n\n\n<p><a href=\"https:\/\/www.rf.se\/download\/18.698dd51b18412b9b2122c6\/1666766981196\/integritetspolicy-for-behandling-av-personuppgifter.pdf\">https:\/\/www.rf.se\/download\/18.698dd51b18412b9b2122c6\/1666766981196\/integritetspolicy-for-behandling-av-personuppgifter.pdf<\/a><\/p>\n\n\n\n<p><strong>Vilken laglig grund har vi f\u00f6r personuppgiftsbehandling?<\/strong><\/p>\n\n\n\n<p>F\u00f6reningen har nedan sammanst\u00e4llt den lagliga grunden f\u00f6r<\/p>\n\n\n\n<p>behandlingen av personuppgifter som sker inom f\u00f6reningens verksamhet.<\/p>\n\n\n\n<figure class=\"wp-block-table\"><table><tbody><tr><td><strong>\u00c4ndam\u00e5l med behandling<\/strong><\/td><td><strong>Laglig grund<\/strong><\/td><\/tr><tr><td>Hantering av medlemskap i f\u00f6reningen<\/td><td>Avtal<\/td><\/tr><tr><td>F\u00f6reningsadministration<\/td><td>Avtal<\/td><\/tr><tr><td>Deltagande i f\u00f6reningens tr\u00e4ningsverksamhet<\/td><td>Avtal<\/td><\/tr><tr><td>Licenshantering<\/td><td>Avtal<\/td><\/tr><tr><td>Deltagande i f\u00f6reningens t\u00e4vlingsverksamhet<\/td><td>Avtal<\/td><\/tr><tr><td>Ans\u00f6kan om bidrag<\/td><td>R\u00e4ttslig f\u00f6rpliktelse<\/td><\/tr><tr><td>Sammanst\u00e4llning av statistik och uppf\u00f6ljning<\/td><td>Allm\u00e4nt intresse<\/td><\/tr><tr><td>Utbildningar arrangerade av f\u00f6reningen<\/td><td>Allm\u00e4nt intresse vid statsbidrags-finansierad utbildning, annars samtycke<\/td><\/tr><tr><td>Kontakt med f\u00f6reningen<\/td><td>Intresseavv\u00e4gning<\/td><\/tr><tr><td>Bes\u00f6k p\u00e5 v\u00e5r hemsida<\/td><td>Intresseavv\u00e4gning<\/td><\/tr><tr><td>Publicering av material p\u00e5 hemsida och sociala medier<\/td><td>Intresseavv\u00e4gning och ibland samtycke<\/td><\/tr><tr><td>Tilltr\u00e4desf\u00f6rbud<\/td><td>R\u00e4ttslig f\u00f6rpliktelse<\/td><\/tr><tr><td>Ordningsst\u00f6rningar och otill\u00e5ten p\u00e5verkan<\/td><td>R\u00e4ttslig f\u00f6rpliktelse<\/td><\/tr><\/tbody><\/table><\/figure>\n\n\n\n<p><strong>Sociala medier och hemsida<\/strong><\/p>\n\n\n\n<p>F\u00f6r att kunna sprida dansgl\u00e4dje samt attrahera nya medlemmar vill vi ha en levande webbplats och vara levande p\u00e5 sociala medier. D\u00e4rf\u00f6r publicerar vi d\u00e4r foton fr\u00e5n danstillf\u00e4llen och klubbens event.<\/p>\n\n\n\n<p><a href=\"https:\/\/www.facebook.com\/dansklubbenaltira\">https:\/\/www.facebook.com\/dansklubbenaltira<\/a><\/p>\n\n\n\n<p><a href=\"https:\/\/www.instagram.com\/dansklubbenaltira\/\">https:\/\/www.instagram.com\/dansklubbenaltira\/<\/a><\/p>\n\n\n\n<p>Vill du inte finnas med p\u00e5 foton och filmer v\u00e4nligen meddela fotografen vid fotograferingstillf\u00e4llet. Klubben tillm\u00f6tesg\u00e5r dina \u00f6nskem\u00e5l g\u00e4llande detta, men vi \u00e4r alla m\u00e4nniskor och ibland kan det h\u00e4nda att bildmaterial publiceras av misstag. D\u00e4rf\u00f6r rekommenderar vi dig som absolut inte vill synas p\u00e5 dessa plattformar att regelbundet g\u00e5 igenom materialet som l\u00e4ggs ut samt specificera datum och album vid eventuell felhantering f\u00f6r borttagning. Du som inte \u00f6nskar vara med p\u00e5 bild, ta kontakt med webmaster@altira.nu<\/p>\n\n\n\n<p>Resultat fr\u00e5n t\u00e4vlingar publiceras p\u00e5 sociala medier och hemsida. Som styrelseledamot, instrukt\u00f6r, kommitt\u00e9ordf\u00f6rande\/deltagare finns \u00e4ven namn med p\u00e5 v\u00e5r hemsida.<\/p>\n\n\n\n<p>Klubben kan inte ta ansvar och st\u00e4llas ansvarig f\u00f6r foton och filmer som medlemmar v\u00e4ljer att dela eller sprida p\u00e5 sina egna webbplatser eller Facebooksidor.<\/p>\n\n\n\n<p>Vid klubbt\u00e4vlingar trycks programblad upp med dansparens namn p\u00e5. Meddela p\u00e5 info@altira.nu om du inte \u00f6nskar st\u00e5 med p\u00e5 programbladet.<\/p>\n\n\n\n<p><strong>Hur l\u00e4nge sparas personuppgifter?<\/strong><\/p>\n\n\n\n<p>Altira sparar medlemmars och kursdeltagares personuppgifter under medlemskapets tid samt ytterligare ett kalender\u00e5r. N\u00e4rvarolistor med enbart kursdeltagarens namn sparas p\u00e5 i 8 \u00e5r enligt g\u00e4llande regler.<\/p>\n\n\n\n<p><strong>Vilka r\u00e4ttigheter har den som l\u00e4mnar personuppgifter?<\/strong><\/p>\n\n\n\n<p>Den som l\u00e4mnar personuppgifter till klubben har fortfarande kontroll \u00f6ver sina egna personuppgifter och dessa personuppgifter kan r\u00e4ttas, raderas, eller f\u00e5s ut p\u00e5 medlemmens beg\u00e4ran. Detta g\u00f6r du genom att skicka ett mail till: <a href=\"mailto:kurs@altira.nu\">kurs@altira.nu<\/a><\/p>\n\n\n\n<p>Du kan enkelt beg\u00e4ra ett registerutdrag i IdrottOnline via Min Sida.<\/p>\n\n\n\n<p>Du kan sj\u00e4lv skapa en inloggning i dans.se och se vilka uppgifter som finns om dig d\u00e4r.<\/p>\n\n\n\n<p><strong>Vilka delar vi personuppgifter med?<\/strong><\/p>\n\n\n\n<p>Uppgifterna kommer inte att \u00f6verf\u00f6ras till tredje land och dina personuppgifter kommer inte att uts\u00e4ttas f\u00f6r automatiserat beslutsfattande.<\/p>\n\n\n\n<p>Om f\u00f6reningen vid n\u00e5got enstaka tillf\u00e4lle m\u00e5ste dela dina personuppgifter med tredje land kommer du att informeras s\u00e4rskilt om detta. Det kan exempelvis vara aktuellt n\u00e4r\/om du anm\u00e4ls till t\u00e4vling i tredje land. Har du <strong>fr\u00e5gor<\/strong> \u00e4r du v\u00e4lkommen att h\u00f6ra av dig till <a href=\"mailto:info@altira.nu\">info@altira.nu<\/a><\/p>\n\n\n\n<p><\/p>\n","protected":false},"excerpt":{"rendered":"<p>PersonuppgiftsansvarigDansklubben AltiraOrganisationsnummer: 889201-5465&nbsp;Bergsgatan 126853 50 Sundsvall Vilka personuppgifter anv\u00e4nder vi? Vi lagrar f\u00f6ljande personuppgifter i v\u00e5rt medlemsregister i https:\/\/dans.se\/ Vad anv\u00e4nds personuppgifterna till? F\u00f6r att f\u00f6reningen ska kunna bedriva sin verksamhet behandlas personuppgifter f\u00f6r olika \u00e4ndam\u00e5l kopplade till verksamheten. F\u00f6reningen behandlar personuppgifter f\u00f6r att administrera l\u00f6pande f\u00f6reningsaktiviteter (ex. tr\u00e4ningsverksamhet och medlemsm\u00f6ten), kommunicera med medlemmarna (kallelser &hellip; <a href=\"https:\/\/altira.nu\/?page_id=110\" class=\"more-link\">Forts\u00e4tt l\u00e4sa<span class=\"screen-reader-text\"> \u201dPersonuppgifter och Altira\u201d<\/span><\/a><\/p>\n","protected":false},"author":1,"featured_media":0,"parent":47,"menu_order":0,"comment_status":"closed","ping_status":"closed","template":"","meta":{"footnotes":""},"class_list":["post-110","page","type-page","status-publish","hentry"],"yoast_head":"<!-- This site is optimized with the Yoast SEO plugin v22.8 - https:\/\/yoast.com\/wordpress\/plugins\/seo\/ -->\n<title>Personuppgifter och Altira - Dansklubben Altira<\/title>\n<meta name=\"robots\" content=\"index, follow, max-snippet:-1, max-image-preview:large, max-video-preview:-1\" \/>\n<link rel=\"canonical\" href=\"https:\/\/altira.nu\/?page_id=110\" \/>\n<meta property=\"og:locale\" content=\"sv_SE\" \/>\n<meta property=\"og:type\" content=\"article\" \/>\n<meta property=\"og:title\" content=\"Personuppgifter och Altira - Dansklubben Altira\" \/>\n<meta property=\"og:description\" content=\"PersonuppgiftsansvarigDansklubben AltiraOrganisationsnummer: 889201-5465&nbsp;Bergsgatan 126853 50 Sundsvall Vilka personuppgifter anv\u00e4nder vi? Vi lagrar f\u00f6ljande personuppgifter i v\u00e5rt medlemsregister i https:\/\/dans.se\/ Vad anv\u00e4nds personuppgifterna till? F\u00f6r att f\u00f6reningen ska kunna bedriva sin verksamhet behandlas personuppgifter f\u00f6r olika \u00e4ndam\u00e5l kopplade till verksamheten. F\u00f6reningen behandlar personuppgifter f\u00f6r att administrera l\u00f6pande f\u00f6reningsaktiviteter (ex. tr\u00e4ningsverksamhet och medlemsm\u00f6ten), kommunicera med medlemmarna (kallelser &hellip; Forts\u00e4tt l\u00e4sa \u201dPersonuppgifter och Altira\u201d\" \/>\n<meta property=\"og:url\" content=\"https:\/\/altira.nu\/?page_id=110\" \/>\n<meta property=\"og:site_name\" content=\"Dansklubben Altira\" \/>\n<meta name=\"twitter:card\" content=\"summary_large_image\" \/>\n<meta name=\"twitter:label1\" content=\"Ber\u00e4knad l\u00e4stid\" \/>\n\t<meta name=\"twitter:data1\" content=\"4 minuter\" \/>\n<script type=\"application\/ld+json\" class=\"yoast-schema-graph\">{\"@context\":\"https:\/\/schema.org\",\"@graph\":[{\"@type\":\"WebPage\",\"@id\":\"https:\/\/altira.nu\/?page_id=110\",\"url\":\"https:\/\/altira.nu\/?page_id=110\",\"name\":\"Personuppgifter och Altira - Dansklubben Altira\",\"isPartOf\":{\"@id\":\"https:\/\/altira.nu\/#website\"},\"datePublished\":\"2023-03-10T10:18:25+00:00\",\"dateModified\":\"2023-03-10T10:18:25+00:00\",\"breadcrumb\":{\"@id\":\"https:\/\/altira.nu\/?page_id=110#breadcrumb\"},\"inLanguage\":\"sv-SE\",\"potentialAction\":[{\"@type\":\"ReadAction\",\"target\":[\"https:\/\/altira.nu\/?page_id=110\"]}]},{\"@type\":\"BreadcrumbList\",\"@id\":\"https:\/\/altira.nu\/?page_id=110#breadcrumb\",\"itemListElement\":[{\"@type\":\"ListItem\",\"position\":1,\"name\":\"Home\",\"item\":\"https:\/\/altira.nu\/\"},{\"@type\":\"ListItem\",\"position\":2,\"name\":\"Om Altira\",\"item\":\"https:\/\/altira.nu\/?page_id=47\"},{\"@type\":\"ListItem\",\"position\":3,\"name\":\"Personuppgifter och Altira\"}]},{\"@type\":\"WebSite\",\"@id\":\"https:\/\/altira.nu\/#website\",\"url\":\"https:\/\/altira.nu\/\",\"name\":\"Dansklubben Altira\",\"description\":\"\",\"potentialAction\":[{\"@type\":\"SearchAction\",\"target\":{\"@type\":\"EntryPoint\",\"urlTemplate\":\"https:\/\/altira.nu\/?s={search_term_string}\"},\"query-input\":\"required name=search_term_string\"}],\"inLanguage\":\"sv-SE\"}]}<\/script>\n<!-- \/ Yoast SEO plugin. -->","yoast_head_json":{"title":"Personuppgifter och Altira - Dansklubben Altira","robots":{"index":"index","follow":"follow","max-snippet":"max-snippet:-1","max-image-preview":"max-image-preview:large","max-video-preview":"max-video-preview:-1"},"canonical":"https:\/\/altira.nu\/?page_id=110","og_locale":"sv_SE","og_type":"article","og_title":"Personuppgifter och Altira - Dansklubben Altira","og_description":"PersonuppgiftsansvarigDansklubben AltiraOrganisationsnummer: 889201-5465&nbsp;Bergsgatan 126853 50 Sundsvall Vilka personuppgifter anv\u00e4nder vi? Vi lagrar f\u00f6ljande personuppgifter i v\u00e5rt medlemsregister i https:\/\/dans.se\/ Vad anv\u00e4nds personuppgifterna till? F\u00f6r att f\u00f6reningen ska kunna bedriva sin verksamhet behandlas personuppgifter f\u00f6r olika \u00e4ndam\u00e5l kopplade till verksamheten. F\u00f6reningen behandlar personuppgifter f\u00f6r att administrera l\u00f6pande f\u00f6reningsaktiviteter (ex. tr\u00e4ningsverksamhet och medlemsm\u00f6ten), kommunicera med medlemmarna (kallelser &hellip; Forts\u00e4tt l\u00e4sa \u201dPersonuppgifter och Altira\u201d","og_url":"https:\/\/altira.nu\/?page_id=110","og_site_name":"Dansklubben Altira","twitter_card":"summary_large_image","twitter_misc":{"Ber\u00e4knad l\u00e4stid":"4 minuter"},"schema":{"@context":"https:\/\/schema.org","@graph":[{"@type":"WebPage","@id":"https:\/\/altira.nu\/?page_id=110","url":"https:\/\/altira.nu\/?page_id=110","name":"Personuppgifter och Altira - Dansklubben Altira","isPartOf":{"@id":"https:\/\/altira.nu\/#website"},"datePublished":"2023-03-10T10:18:25+00:00","dateModified":"2023-03-10T10:18:25+00:00","breadcrumb":{"@id":"https:\/\/altira.nu\/?page_id=110#breadcrumb"},"inLanguage":"sv-SE","potentialAction":[{"@type":"ReadAction","target":["https:\/\/altira.nu\/?page_id=110"]}]},{"@type":"BreadcrumbList","@id":"https:\/\/altira.nu\/?page_id=110#breadcrumb","itemListElement":[{"@type":"ListItem","position":1,"name":"Home","item":"https:\/\/altira.nu\/"},{"@type":"ListItem","position":2,"name":"Om Altira","item":"https:\/\/altira.nu\/?page_id=47"},{"@type":"ListItem","position":3,"name":"Personuppgifter och Altira"}]},{"@type":"WebSite","@id":"https:\/\/altira.nu\/#website","url":"https:\/\/altira.nu\/","name":"Dansklubben Altira","description":"","potentialAction":[{"@type":"SearchAction","target":{"@type":"EntryPoint","urlTemplate":"https:\/\/altira.nu\/?s={search_term_string}"},"query-input":"required name=search_term_string"}],"inLanguage":"sv-SE"}]}},"_links":{"self":[{"href":"https:\/\/altira.nu\/index.php?rest_route=\/wp\/v2\/pages\/110","targetHints":{"allow":["GET"]}}],"collection":[{"href":"https:\/\/altira.nu\/index.php?rest_route=\/wp\/v2\/pages"}],"about":[{"href":"https:\/\/altira.nu\/index.php?rest_route=\/wp\/v2\/types\/page"}],"author":[{"embeddable":true,"href":"https:\/\/altira.nu\/index.php?rest_route=\/wp\/v2\/users\/1"}],"replies":[{"embeddable":true,"href":"https:\/\/altira.nu\/index.php?rest_route=%2Fwp%2Fv2%2Fcomments&post=110"}],"version-history":[{"count":1,"href":"https:\/\/altira.nu\/index.php?rest_route=\/wp\/v2\/pages\/110\/revisions"}],"predecessor-version":[{"id":111,"href":"https:\/\/altira.nu\/index.php?rest_route=\/wp\/v2\/pages\/110\/revisions\/111"}],"up":[{"embeddable":true,"href":"https:\/\/altira.nu\/index.php?rest_route=\/wp\/v2\/pages\/47"}],"wp:attachment":[{"href":"https:\/\/altira.nu\/index.php?rest_route=%2Fwp%2Fv2%2Fmedia&parent=110"}],"curies":[{"name":"wp","href":"https:\/\/api.w.org\/{rel}","templated":true}]}}